{"id":139,"date":"2017-10-20T11:22:56","date_gmt":"2017-10-20T09:22:56","guid":{"rendered":"http:\/\/studio-photo-salon.fr\/?page_id=139"},"modified":"2026-02-25T20:54:58","modified_gmt":"2026-02-25T19:54:58","slug":"photos-didentite","status":"publish","type":"page","link":"https:\/\/studio-photo-salon.fr\/index.php\/photos-didentite\/","title":{"rendered":"Photos d&rsquo;identit\u00e9 et e-photos"},"content":{"rendered":"\n<div class=\"wp-block-columns is-layout-flex wp-container-core-columns-is-layout-1 wp-block-columns-is-layout-flex\">\n<div class=\"wp-block-column is-layout-flow wp-block-column-is-layout-flow\">\n<p class=\"has-medium-font-size\">Vous ne savez pas ou faire faire vos photos d&rsquo;identit\u00e9, le studio photo Salon de Provence s&rsquo;occupe de tout.<br>Photos d&rsquo;identit\u00e9 pour les adultes , les enfants , les B\u00e9b\u00e9, et m\u00eame les animaux (si c&rsquo;est arriv\u00e9 j&rsquo;vous jure \ud83d\ude09 )<\/p>\n\n\n\n<p class=\"has-medium-font-size\">Que vous souhaitiez faire des photos pour votre carte d&rsquo;identit\u00e9(CNI), votre passeport, carte vitale&#8230;, des e-photos aux normes pour les permis de conduire avec le code et la signature valid\u00e9 pour l&rsquo;ANTS.<\/p>\n\n\n\n<p><\/p>\n\n\n\n<p><\/p>\n<\/div>\n\n\n\n<div class=\"wp-block-column is-layout-flow wp-block-column-is-layout-flow\">\n<p class=\"has-medium-font-size\">Ou bien, simplement des photos d&rsquo;identit\u00e9 dans le but de compl\u00e9ter un dossier, des photos pour un CV, ou photo d identit\u00e9 pour la rentr\u00e9e scolaire et les club de sport, associations culturels ou autre.<br><br>Nous prenons en charge, le type de photo dont vous avez besoin dans le respecte des normes pour chaque document, des photos d&rsquo;identit\u00e9 aux normes biom\u00e9triques pour la France mais \u00e9galement pour vos visa pour l &lsquo;\u00e9tranger , chine ,\u00e9tats unis\u2026<\/p>\n<\/div>\n<\/div>\n\n\n\n<p class=\"has-text-align-center has-very-light-gray-background-color has-background has-large-font-size\">Vos Photos d&rsquo;identit\u00e9 sans Rendez vous  \u00e0 Salon de Provence<\/p>\n\n\n\n<p><\/p>\n\n\n\n<p><\/p>\n\n\n\n<div class=\"wp-block-columns are-vertically-aligned-center is-layout-flex wp-container-core-columns-is-layout-2 wp-block-columns-is-layout-flex\">\n<div class=\"wp-block-column is-vertically-aligned-center is-layout-flow wp-block-column-is-layout-flow\"><div class=\"wp-block-image\">\n<figure class=\"aligncenter size-large\"><img loading=\"lazy\" decoding=\"async\" width=\"250\" height=\"200\" src=\"https:\/\/studio-photo-salon.fr\/wp-content\/uploads\/2020\/10\/acc-id-1.jpg\" alt=\"\" class=\"wp-image-1425\"\/><\/figure><\/div><\/div>\n\n\n\n<div class=\"wp-block-column is-vertically-aligned-center is-layout-flow wp-block-column-is-layout-flow\"><div class=\"wp-block-image\">\n<figure class=\"aligncenter size-large\"><img loading=\"lazy\" decoding=\"async\" width=\"1024\" height=\"483\" src=\"https:\/\/studio-photo-salon.fr\/wp-content\/uploads\/2018\/01\/ephoto_permis-1024x483.jpg\" alt=\"\" class=\"wp-image-183\" srcset=\"https:\/\/studio-photo-salon.fr\/wp-content\/uploads\/2018\/01\/ephoto_permis-1024x483.jpg 1024w, https:\/\/studio-photo-salon.fr\/wp-content\/uploads\/2018\/01\/ephoto_permis-300x142.jpg 300w, https:\/\/studio-photo-salon.fr\/wp-content\/uploads\/2018\/01\/ephoto_permis-768x363.jpg 768w, https:\/\/studio-photo-salon.fr\/wp-content\/uploads\/2018\/01\/ephoto_permis.jpg 1400w\" sizes=\"auto, (max-width: 1024px) 100vw, 1024px\" \/><\/figure><\/div><\/div>\n<\/div>\n\n\n\n<div class=\"wp-block-columns is-layout-flex wp-container-core-columns-is-layout-3 wp-block-columns-is-layout-flex\">\n<div class=\"wp-block-column is-vertically-aligned-center is-layout-flow wp-block-column-is-layout-flow\" style=\"flex-basis:66.66%\">\n<p class=\"has-text-align-center has-medium-font-size\"><strong>Types de photos d&rsquo;identit\u00e9 r\u00e9alisable<\/strong><br><\/p>\n\n\n\n<ul class=\"wp-block-list\">\n<li>Photos d&rsquo;identit\u00e9 aux normes officielles pour la carte d&rsquo;identit\u00e9, le passeport, carte vitale\u2026<\/li>\n\n\n\n<li>E-photo agr\u00e9\u00e9e ANTS pour les permis de conduire et cartes de s\u00e9jour<\/li>\n\n\n\n<li>Visas internationaux (Inde, Usa, Canada\u2026)<\/li>\n\n\n\n<li>Photos aux normes biom\u00e9triques pour passeport \u00e9tranger<\/li>\n\n\n\n<li>Photos d&rsquo;identit\u00e9 pour b\u00e9b\u00e9s et enfants<\/li>\n\n\n\n<li>Photos pour cv, inscription scolaire, etc&#8230;<\/li>\n\n\n\n<li>Photos d&rsquo;identit\u00e9 pour r\u00e9seaux sociaux, sites de rencontre\u2026<\/li>\n\n\n\n<li>Photos d&rsquo;identit\u00e9 toutes normes \u00e0 domicile.<\/li>\n\n\n\n<li>En fait, tout type de photo d&rsquo;identit\u00e9\u2026<\/li>\n<\/ul>\n<\/div>\n\n\n\n<div class=\"wp-block-column is-layout-flow wp-block-column-is-layout-flow\" style=\"flex-basis:33.33%\">\n<p class=\"has-text-align-center has-medium-font-size\"><strong>Extrait des tarifs <\/strong><br><strong>Photos d&rsquo;identit\u00e9<\/strong><\/p>\n\n\n\n<ul class=\"wp-block-list\">\n<li>4 Photos d&rsquo;identit\u00e9 8\u20ac<br><\/li>\n\n\n\n<li>8 Photos d&rsquo;identit\u00e9 9\u20ac<br><\/li>\n\n\n\n<li>Permis de conduire ou titre de s\u00e9jour 9,5\u20ac<br><\/li>\n\n\n\n<li>12 Photos d&rsquo;identit\u00e9   10\u20ac<br><\/li>\n\n\n\n<li>4 Photos d&rsquo;identit\u00e9 <br>+ un mini portrait        9\u20ac<br><\/li>\n\n\n\n<li>Option fichier num\u00e9rique envoy\u00e9 par email format 35x45mm \u00e0 300dpi     +5\u20ac<br><\/li>\n\n\n\n<li>Forfait d\u00e9placement*   50\u20ac<\/li>\n<\/ul>\n<\/div>\n<\/div>\n\n\n\n<p class=\"has-small-font-size\">*Le forfait d\u00e9placement inclus: une planche avec 8 photos d&rsquo;identit\u00e9, le d\u00e9tourage et le remplacement par un fond au normes si n\u00e9cessaire, la venue du photographe en fonction de ses disponibilit\u00e9s \u00e0 Salon de Provence ou ville limitrophe, P\u00e9lissanne, Grans, Lan\u00e7on de Provence, Aurons.<br>Pour les autres villes du Pays Salonais, Eyguieres, Senas, Mallemort, Aureille une offre de tarif sera pr\u00e9alablement \u00e9tabli.<\/p>\n\n\n\n<p class=\"has-text-align-center has-very-light-gray-background-color has-background has-large-font-size\">O\u00f9 faire vos photos d&rsquo;identit\u00e9: <a href=\"https:\/\/studio-photo-salon.fr\/index.php\/contact\/\">Ici bien s\u00fbr<\/a><\/p>\n\n\n\n<div class=\"wp-block-columns is-layout-flex wp-container-core-columns-is-layout-4 wp-block-columns-is-layout-flex\">\n<div class=\"wp-block-column is-layout-flow wp-block-column-is-layout-flow\">\n<p class=\"has-text-align-center has-medium-font-size\">Vos photos d&rsquo;identit\u00e9 sont r\u00e9alis\u00e9es dans nos locaux \u00e0 Salon de Provence, nous utilisons du mat\u00e9riel de qualit\u00e9, un logiciel sp\u00e9cifique aux identit\u00e9s, qui nous permet de v\u00e9rifier les normes pour tous types de photos d &lsquo;identit\u00e9.<br>Normes d&rsquo;identit\u00e9 pour les CNI, les passeports, normes biom\u00e9triques, normes ANTS, E-photos, pour la France, les USA, l&rsquo;inde, la chine\u2026.<br>Les photos d&rsquo;identit\u00e9 pour les B\u00e9b\u00e9s, m\u00eame les touts petits-petits&#8230;. sont r\u00e9alis\u00e9es avec le plus grand soin, il faut pr\u00e9voir parfois plus de temps, mais le tarifs reste le m\u00eame.<br>Nous nous appliquons tellement que nous garantissons nos photos officielles et nous les refaisons gratuitement si besoin. Sous r\u00e9serve que vous ayez accepter de suivre les instructions officielles que vous nous indiquerons<\/p>\n<\/div>\n\n\n\n<div class=\"wp-block-column is-layout-flow wp-block-column-is-layout-flow\">\n<p class=\"has-medium-font-size\"><strong>Les Normes que vous devez respecter:<\/strong><\/p>\n\n\n\n<ul class=\"wp-block-list\">\n<li>Visage et oreille d\u00e9gag\u00e9:<br>pas de m\u00e8che sur les sourcils ou oreilles<\/li>\n\n\n\n<li>Pas de bijou (boucle d&rsquo;oreille, percing \u2026)<\/li>\n\n\n\n<li>Pas de Sourire, bouche ferm\u00e9e<\/li>\n\n\n\n<li>Coiffure: pas d&rsquo;accessoire visible(barrette, chouchou&#8230;)<br>il faut  voir du fond, sur les cot\u00e9s et le haut de la photo.<\/li>\n\n\n\n<li>Les lunettes m\u00eame si tol\u00e9r\u00e9es, les conditions sont telle quelle sont refus\u00e9es quasiment \u00e0 chaque fois donc&#8230;on fait sans.<\/li>\n\n\n\n<li>Maquillage, \u00e0 priori pas de probl\u00e8me mais \u00e9vitez de venir d\u00e9guis\u00e9.<\/li>\n\n\n\n<li>Pour le reste nous g\u00e9rons\u2026<\/li>\n<\/ul>\n<\/div>\n<\/div>\n\n\n\n<p class=\"has-text-align-center has-very-light-gray-background-color has-background has-medium-font-size\">Cas particulier des photos d&rsquo;identit\u00e9 ayant un but professionnel, CV, r\u00e9seaux sociaux, site de rencontre ou autre d\u00e9marche importante.<\/p>\n\n\n\n<p class=\"has-medium-font-size\">             M\u00eame si nous apportons le plus grand soin aux photos d&rsquo;identit\u00e9 que nous r\u00e9alisons, cela reste des photos assez simple et finalement r\u00e9alis\u00e9es  rapidement. Nous ne saurons trop vous conseiller de mettre le plus de chance de votre cot\u00e9 en cherchant \u00e0 fournir une photo avec une vraie valeur ajouter. Une photo qui montre qui vous \u00eates r\u00e9ellement et que vous vous investissez enti\u00e8rement dans la d\u00e9marche que vous accomplissez.<br>              M\u00eame s&rsquo;il est vrai que l&rsquo;apparence ne fait pas tout, que les qualit\u00e9s ne s&rsquo;expriment pas forcement en pixel, bien souvent la premi\u00e8re impression que nous faisons reste en m\u00e9moire.<br><br>            Afin de maximiser vos chances nous proposons des s\u00e9ances de shooting photo. Orient\u00e9es en fonction de l&rsquo;objectif \u00e0 atteindre, notre prise de vue dure entre 20 et 30mn en moyenne et \u00e0 pour but de faire ressortir le message que vous souhaitez faire passer.<br><\/p>\n","protected":false},"excerpt":{"rendered":"<p>Pour faire vos photos d &lsquo;identit\u00e9 \u00e0 Salon de Provence, pour vos papier officiels, carte d&rsquo;identit\u00e9 ,passeport, carte vitale mais aussi pour les permis de conduire avec la e photo ants<\/p>\n","protected":false},"author":1,"featured_media":0,"parent":0,"menu_order":0,"comment_status":"closed","ping_status":"closed","template":"","meta":{"ngg_post_thumbnail":0,"footnotes":""},"class_list":["post-139","page","type-page","status-publish","czr-hentry"],"yoast_head":"<!-- This site is optimized with the Yoast SEO plugin v24.5 - https:\/\/yoast.com\/wordpress\/plugins\/seo\/ -->\n<title>Photos d&#039;identit\u00e9 et e-photos - Studio Photo Salon de Provence<\/title>\n<meta name=\"robots\" content=\"index, follow, max-snippet:-1, max-image-preview:large, max-video-preview:-1\" \/>\n<link rel=\"canonical\" href=\"https:\/\/studio-photo-salon.fr\/index.php\/photos-didentite\/\" \/>\n<meta property=\"og:locale\" content=\"fr_FR\" \/>\n<meta property=\"og:type\" content=\"article\" \/>\n<meta property=\"og:title\" content=\"Photos d&#039;identit\u00e9 et e-photos - Studio Photo Salon de Provence\" \/>\n<meta property=\"og:description\" content=\"Pour faire vos photos d &#039;identit\u00e9 \u00e0 Salon de Provence, pour vos papier officiels, carte d&#039;identit\u00e9 ,passeport, carte vitale mais aussi pour les permis de conduire avec la e photo ants\" \/>\n<meta property=\"og:url\" content=\"https:\/\/studio-photo-salon.fr\/index.php\/photos-didentite\/\" \/>\n<meta property=\"og:site_name\" content=\"Studio Photo Salon de Provence\" \/>\n<meta property=\"article:modified_time\" content=\"2026-02-25T19:54:58+00:00\" \/>\n<meta property=\"og:image\" content=\"https:\/\/studio-photo-salon.fr\/wp-content\/uploads\/2020\/10\/acc-id-1.jpg\" \/>\n\t<meta property=\"og:image:width\" content=\"250\" \/>\n\t<meta property=\"og:image:height\" content=\"200\" \/>\n\t<meta property=\"og:image:type\" content=\"image\/jpeg\" \/>\n<meta name=\"twitter:card\" content=\"summary_large_image\" \/>\n<meta name=\"twitter:label1\" content=\"Dur\u00e9e de lecture estim\u00e9e\" \/>\n\t<meta name=\"twitter:data1\" content=\"5 minutes\" \/>\n<script type=\"application\/ld+json\" class=\"yoast-schema-graph\">{\"@context\":\"https:\/\/schema.org\",\"@graph\":[{\"@type\":\"WebPage\",\"@id\":\"https:\/\/studio-photo-salon.fr\/index.php\/photos-didentite\/\",\"url\":\"https:\/\/studio-photo-salon.fr\/index.php\/photos-didentite\/\",\"name\":\"Photos d'identit\u00e9 et e-photos - Studio Photo Salon de Provence\",\"isPartOf\":{\"@id\":\"https:\/\/studio-photo-salon.fr\/#website\"},\"primaryImageOfPage\":{\"@id\":\"https:\/\/studio-photo-salon.fr\/index.php\/photos-didentite\/#primaryimage\"},\"image\":{\"@id\":\"https:\/\/studio-photo-salon.fr\/index.php\/photos-didentite\/#primaryimage\"},\"thumbnailUrl\":\"https:\/\/studio-photo-salon.fr\/wp-content\/uploads\/2020\/10\/acc-id-1.jpg\",\"datePublished\":\"2017-10-20T09:22:56+00:00\",\"dateModified\":\"2026-02-25T19:54:58+00:00\",\"breadcrumb\":{\"@id\":\"https:\/\/studio-photo-salon.fr\/index.php\/photos-didentite\/#breadcrumb\"},\"inLanguage\":\"fr-FR\",\"potentialAction\":[{\"@type\":\"ReadAction\",\"target\":[\"https:\/\/studio-photo-salon.fr\/index.php\/photos-didentite\/\"]}]},{\"@type\":\"ImageObject\",\"inLanguage\":\"fr-FR\",\"@id\":\"https:\/\/studio-photo-salon.fr\/index.php\/photos-didentite\/#primaryimage\",\"url\":\"https:\/\/studio-photo-salon.fr\/wp-content\/uploads\/2020\/10\/acc-id-1.jpg\",\"contentUrl\":\"https:\/\/studio-photo-salon.fr\/wp-content\/uploads\/2020\/10\/acc-id-1.jpg\",\"width\":250,\"height\":200},{\"@type\":\"BreadcrumbList\",\"@id\":\"https:\/\/studio-photo-salon.fr\/index.php\/photos-didentite\/#breadcrumb\",\"itemListElement\":[{\"@type\":\"ListItem\",\"position\":1,\"name\":\"Accueil\",\"item\":\"https:\/\/studio-photo-salon.fr\/\"},{\"@type\":\"ListItem\",\"position\":2,\"name\":\"Photos d&rsquo;identit\u00e9 et e-photos\"}]},{\"@type\":\"WebSite\",\"@id\":\"https:\/\/studio-photo-salon.fr\/#website\",\"url\":\"https:\/\/studio-photo-salon.fr\/\",\"name\":\"Studio Photo Salon de Provence\",\"description\":\"Laboratoire et Studio photo\",\"potentialAction\":[{\"@type\":\"SearchAction\",\"target\":{\"@type\":\"EntryPoint\",\"urlTemplate\":\"https:\/\/studio-photo-salon.fr\/?s={search_term_string}\"},\"query-input\":{\"@type\":\"PropertyValueSpecification\",\"valueRequired\":true,\"valueName\":\"search_term_string\"}}],\"inLanguage\":\"fr-FR\"}]}<\/script>\n<!-- \/ Yoast SEO plugin. -->","yoast_head_json":{"title":"Photos d'identit\u00e9 et e-photos - Studio Photo Salon de Provence","robots":{"index":"index","follow":"follow","max-snippet":"max-snippet:-1","max-image-preview":"max-image-preview:large","max-video-preview":"max-video-preview:-1"},"canonical":"https:\/\/studio-photo-salon.fr\/index.php\/photos-didentite\/","og_locale":"fr_FR","og_type":"article","og_title":"Photos d'identit\u00e9 et e-photos - Studio Photo Salon de Provence","og_description":"Pour faire vos photos d 'identit\u00e9 \u00e0 Salon de Provence, pour vos papier officiels, carte d'identit\u00e9 ,passeport, carte vitale mais aussi pour les permis de conduire avec la e photo ants","og_url":"https:\/\/studio-photo-salon.fr\/index.php\/photos-didentite\/","og_site_name":"Studio Photo Salon de Provence","article_modified_time":"2026-02-25T19:54:58+00:00","og_image":[{"width":250,"height":200,"url":"https:\/\/studio-photo-salon.fr\/wp-content\/uploads\/2020\/10\/acc-id-1.jpg","type":"image\/jpeg"}],"twitter_card":"summary_large_image","twitter_misc":{"Dur\u00e9e de lecture estim\u00e9e":"5 minutes"},"schema":{"@context":"https:\/\/schema.org","@graph":[{"@type":"WebPage","@id":"https:\/\/studio-photo-salon.fr\/index.php\/photos-didentite\/","url":"https:\/\/studio-photo-salon.fr\/index.php\/photos-didentite\/","name":"Photos d'identit\u00e9 et e-photos - Studio Photo Salon de Provence","isPartOf":{"@id":"https:\/\/studio-photo-salon.fr\/#website"},"primaryImageOfPage":{"@id":"https:\/\/studio-photo-salon.fr\/index.php\/photos-didentite\/#primaryimage"},"image":{"@id":"https:\/\/studio-photo-salon.fr\/index.php\/photos-didentite\/#primaryimage"},"thumbnailUrl":"https:\/\/studio-photo-salon.fr\/wp-content\/uploads\/2020\/10\/acc-id-1.jpg","datePublished":"2017-10-20T09:22:56+00:00","dateModified":"2026-02-25T19:54:58+00:00","breadcrumb":{"@id":"https:\/\/studio-photo-salon.fr\/index.php\/photos-didentite\/#breadcrumb"},"inLanguage":"fr-FR","potentialAction":[{"@type":"ReadAction","target":["https:\/\/studio-photo-salon.fr\/index.php\/photos-didentite\/"]}]},{"@type":"ImageObject","inLanguage":"fr-FR","@id":"https:\/\/studio-photo-salon.fr\/index.php\/photos-didentite\/#primaryimage","url":"https:\/\/studio-photo-salon.fr\/wp-content\/uploads\/2020\/10\/acc-id-1.jpg","contentUrl":"https:\/\/studio-photo-salon.fr\/wp-content\/uploads\/2020\/10\/acc-id-1.jpg","width":250,"height":200},{"@type":"BreadcrumbList","@id":"https:\/\/studio-photo-salon.fr\/index.php\/photos-didentite\/#breadcrumb","itemListElement":[{"@type":"ListItem","position":1,"name":"Accueil","item":"https:\/\/studio-photo-salon.fr\/"},{"@type":"ListItem","position":2,"name":"Photos d&rsquo;identit\u00e9 et e-photos"}]},{"@type":"WebSite","@id":"https:\/\/studio-photo-salon.fr\/#website","url":"https:\/\/studio-photo-salon.fr\/","name":"Studio Photo Salon de Provence","description":"Laboratoire et Studio photo","potentialAction":[{"@type":"SearchAction","target":{"@type":"EntryPoint","urlTemplate":"https:\/\/studio-photo-salon.fr\/?s={search_term_string}"},"query-input":{"@type":"PropertyValueSpecification","valueRequired":true,"valueName":"search_term_string"}}],"inLanguage":"fr-FR"}]}},"_links":{"self":[{"href":"https:\/\/studio-photo-salon.fr\/index.php\/wp-json\/wp\/v2\/pages\/139","targetHints":{"allow":["GET"]}}],"collection":[{"href":"https:\/\/studio-photo-salon.fr\/index.php\/wp-json\/wp\/v2\/pages"}],"about":[{"href":"https:\/\/studio-photo-salon.fr\/index.php\/wp-json\/wp\/v2\/types\/page"}],"author":[{"embeddable":true,"href":"https:\/\/studio-photo-salon.fr\/index.php\/wp-json\/wp\/v2\/users\/1"}],"replies":[{"embeddable":true,"href":"https:\/\/studio-photo-salon.fr\/index.php\/wp-json\/wp\/v2\/comments?post=139"}],"version-history":[{"count":55,"href":"https:\/\/studio-photo-salon.fr\/index.php\/wp-json\/wp\/v2\/pages\/139\/revisions"}],"predecessor-version":[{"id":1980,"href":"https:\/\/studio-photo-salon.fr\/index.php\/wp-json\/wp\/v2\/pages\/139\/revisions\/1980"}],"wp:attachment":[{"href":"https:\/\/studio-photo-salon.fr\/index.php\/wp-json\/wp\/v2\/media?parent=139"}],"curies":[{"name":"wp","href":"https:\/\/api.w.org\/{rel}","templated":true}]}}