{"id":1209,"date":"2020-04-11T09:19:08","date_gmt":"2020-04-11T07:19:08","guid":{"rendered":"http:\/\/studio-photo-salon.fr\/?page_id=1209"},"modified":"2020-10-27T21:59:10","modified_gmt":"2020-10-27T20:59:10","slug":"les-finitions","status":"publish","type":"page","link":"https:\/\/studio-photo-salon.fr\/index.php\/les-finitions\/","title":{"rendered":"Les Finitions"},"content":{"rendered":"\n<p style=\"background-color:#5f666c\" class=\"has-text-color has-background has-text-align-center has-large-font-size has-very-light-gray-color\">Apr\u00e8s le tirage&#8230;.<\/p>\n\n\n\n<p class=\"has-normal-font-size\">Votre tirage photo en main petit ou tr\u00e8s grand format , il ne vous reste plus qu&rsquo; \u00e0 le mettre en valeur. Pour cela plusieurs choix disponibles, les albums photo, le passe partout, les cadres, les toiles, le contre-collage sur support type Dibond\/Dilite ou Panexpan.<br>Nous prenons en charge cette partie pour vous permettre d&rsquo;obtenir un produit fini, clef en main.<\/p>\n\n\n\n<p style=\"background-color:#5f666c\" class=\"has-text-color has-background has-text-align-center has-large-font-size has-very-light-gray-color\">Finitons disponibles<\/p>\n\n\n\n<div class=\"wp-block-columns is-layout-flex wp-container-core-columns-is-layout-1 wp-block-columns-is-layout-flex\">\n<div class=\"wp-block-column is-layout-flow wp-block-column-is-layout-flow\">\n<p style=\"color:#5f666c\" class=\"has-text-color has-background has-text-align-center has-medium-font-size has-very-light-gray-background-color\">Album photo<\/p>\n\n\n\n<div class=\"wp-block-image\"><figure class=\"aligncenter size-large is-resized\"><img loading=\"lazy\" decoding=\"async\" src=\"https:\/\/studio-photo-salon.fr\/wp-content\/uploads\/2020\/04\/4x6visuel-a-venir.jpg\" alt=\"\" class=\"wp-image-1301\" width=\"250\" height=\"377\"\/><\/figure><\/div>\n\n\n\n<p class=\"has-text-align-center has-normal-font-size\">L&rsquo;album photo prot\u00e8ge et organise vos souvenirs.<br>A pochette ou traditionnel \u00e0 coller, \u00e0 chacun son style, nous avons celui qu&rsquo;il vous faut.<\/p>\n<\/div>\n\n\n\n<div class=\"wp-block-column is-layout-flow wp-block-column-is-layout-flow\">\n<p style=\"color:#5f666c\" class=\"has-text-color has-background has-text-align-center has-medium-font-size has-very-light-gray-background-color\">Mise en cadre<\/p>\n\n\n\n<div class=\"wp-block-image\"><figure class=\"aligncenter size-large is-resized\"><img loading=\"lazy\" decoding=\"async\" src=\"https:\/\/studio-photo-salon.fr\/wp-content\/uploads\/2020\/04\/4x6visuel-a-venir.jpg\" alt=\"\" class=\"wp-image-1301\" width=\"250\" height=\"377\"\/><\/figure><\/div>\n\n\n\n<p class=\"has-text-align-center has-normal-font-size\">Baguette classique, moderne, baroque\u2026 il y a certainement un cadre pour aller avec votre photo.<br>Choisissez le mod\u00e8le parmi notre large s\u00e9lection et nous nous occupons du reste, vous repartez avec votre photo encadr\u00e9e, pr\u00eate \u00e0 accrocher.<\/p>\n\n\n\n<p><\/p>\n<\/div>\n\n\n\n<div class=\"wp-block-column is-layout-flow wp-block-column-is-layout-flow\">\n<p style=\"color:#5f666c\" class=\"has-text-color has-background has-text-align-center has-medium-font-size has-very-light-gray-background-color\">Passe-Partout<\/p>\n\n\n\n<div class=\"wp-block-image\"><figure class=\"aligncenter size-large is-resized\"><img loading=\"lazy\" decoding=\"async\" src=\"https:\/\/studio-photo-salon.fr\/wp-content\/uploads\/2020\/04\/4x6visuel-a-venir.jpg\" alt=\"\" class=\"wp-image-1301\" width=\"250\" height=\"376\"\/><\/figure><\/div>\n\n\n\n<p class=\"has-text-align-center has-normal-font-size\">Compl\u00e9mentaire aux cadres, le passe partout donne de la profondeur. R\u00e9alis\u00e9s en carton contre coll\u00e9, avec un biseau int\u00e9rieur.<br>Une jolie photographie, un cadre une taille au dessus, entre les deux le passe&#8230;magique \u00e7a fonctionne.<\/p>\n<\/div>\n<\/div>\n\n\n\n<div class=\"wp-block-columns is-layout-flex wp-container-core-columns-is-layout-2 wp-block-columns-is-layout-flex\">\n<div class=\"wp-block-column is-layout-flow wp-block-column-is-layout-flow\">\n<p style=\"color:#5f666c\" class=\"has-text-color has-background has-text-align-center has-medium-font-size has-very-light-gray-background-color\">Montage sur toile<\/p>\n\n\n\n<div class=\"wp-block-image\"><figure class=\"aligncenter size-large is-resized\"><img loading=\"lazy\" decoding=\"async\" src=\"https:\/\/studio-photo-salon.fr\/wp-content\/uploads\/2020\/04\/4x6visuel-a-venir.jpg\" alt=\"\" class=\"wp-image-1301\" width=\"250\" height=\"377\"\/><\/figure><\/div>\n\n\n\n<p class=\"has-text-align-center has-normal-font-size\">Tirage direct de la photographie sur toile Canvas mont\u00e9e sur ch\u00e2ssis en bois \u00e9paisseur 2 cm.<br>Il ne reste plus qu&rsquo;\u00e0 l&rsquo;accrocher du 20&#215;20 au 100&#215;120 voir plus<\/p>\n<\/div>\n\n\n\n<div class=\"wp-block-column is-layout-flow wp-block-column-is-layout-flow\">\n<p style=\"color:#5f666c\" class=\"has-text-color has-background has-text-align-center has-medium-font-size has-very-light-gray-background-color\">Panexpan 5mm<\/p>\n\n\n\n<div class=\"wp-block-image\"><figure class=\"aligncenter size-large is-resized\"><img loading=\"lazy\" decoding=\"async\" src=\"https:\/\/studio-photo-salon.fr\/wp-content\/uploads\/2020\/04\/4x6visuel-a-venir.jpg\" alt=\"\" class=\"wp-image-1301\" width=\"251\" height=\"378\"\/><\/figure><\/div>\n\n\n\n<p class=\"has-text-align-center\">Sandwich de trois couches de poly\u00e9thyl\u00e8ne. Permet de suspendre ou poser le tirage photo sans cadre.<br>En stock du 20&#215;30 au 60&#215;80<\/p>\n<\/div>\n\n\n\n<div class=\"wp-block-column is-layout-flow wp-block-column-is-layout-flow\">\n<p style=\"color:#5f666c\" class=\"has-text-color has-background has-text-align-center has-medium-font-size has-very-light-gray-background-color\">Alu Dibond\/Dilite 3mm<\/p>\n\n\n\n<div class=\"wp-block-image\"><figure class=\"aligncenter size-large is-resized\"><img loading=\"lazy\" decoding=\"async\" src=\"https:\/\/studio-photo-salon.fr\/wp-content\/uploads\/2020\/04\/4x6visuel-a-venir.jpg\" alt=\"\" class=\"wp-image-1301\" width=\"251\" height=\"377\"\/><\/figure><\/div>\n\n\n\n<p class=\"has-text-align-center has-normal-font-size\">Contre-collage sur plaque compos\u00e9e de deux couches d&rsquo;aluminium(ext\u00e9rieurs) et une couche de poly\u00e9thyl\u00e8ne(c\u0153ur).<br>Effet moderne, \u00e9pur\u00e9&#8230;disponible sur place du 20&#215;30 au 70&#215;100&#8230;possibilit\u00e9 de format sup\u00e9rieur sur commande<\/p>\n<\/div>\n<\/div>\n\n\n\n<p class=\"has-text-align-center has-large-font-size\">Et votre image est sublim\u00e9e<\/p>\n\n\n\n<div class=\"wp-block-columns is-layout-flex wp-container-core-columns-is-layout-3 wp-block-columns-is-layout-flex\">\n<div class=\"wp-block-column #00000 is-layout-flow wp-block-column-is-layout-flow\">\n<div class=\"wp-block-image\"><figure class=\"aligncenter size-large is-resized\"><a href=\"https:\/\/studio-photo-salon.fr\/index.php\/tirages-impressions\/\"><img loading=\"lazy\" decoding=\"async\" src=\"https:\/\/studio-photo-salon.fr\/wp-content\/uploads\/2020\/10\/lab-reu_tirage.jpg\" alt=\"\" class=\"wp-image-1436\" width=\"90\" height=\"90\"\/><\/a><\/figure><\/div>\n\n\n\n<p class=\"has-text-align-center\"><a href=\"https:\/\/studio-photo-salon.fr\/index.php\/tirages-impressions\/\">Tirages\/Impressions<\/a><\/p>\n\n\n\n<div class=\"wp-block-image\"><figure class=\"aligncenter size-large is-resized\"><a href=\"https:\/\/studio-photo-salon.fr\/index.php\/numerisation-restauration\/\"><img loading=\"lazy\" decoding=\"async\" src=\"https:\/\/studio-photo-salon.fr\/wp-content\/uploads\/2020\/10\/lab-reu_numerisation.jpg\" alt=\"\" class=\"wp-image-1443\" width=\"90\" height=\"90\"\/><\/a><\/figure><\/div>\n\n\n\n<p class=\"has-text-align-center\"><a href=\"https:\/\/studio-photo-salon.fr\/index.php\/numerisation-restauration\/\">Num\u00e9risation<\/a><\/p>\n<\/div>\n\n\n\n<div class=\"wp-block-column is-layout-flow wp-block-column-is-layout-flow\">\n<div class=\"wp-block-image\"><figure class=\"aligncenter size-large is-resized\"><a href=\"https:\/\/studio-photo-salon.fr\/index.php\/les-finitions\/\"><img loading=\"lazy\" decoding=\"async\" src=\"https:\/\/studio-photo-salon.fr\/wp-content\/uploads\/2020\/10\/lab-reu_finitions.jpg\" alt=\"\" class=\"wp-image-1437\" width=\"90\" height=\"90\"\/><\/a><\/figure><\/div>\n\n\n\n<p class=\"has-text-align-center\"><a href=\"https:\/\/studio-photo-salon.fr\/index.php\/les-finitions\/\">Les Finitions<\/a><\/p>\n\n\n\n<div class=\"wp-block-image\"><figure class=\"aligncenter size-large is-resized\"><a href=\"https:\/\/studio-photo-salon.fr\/index.php\/argentique\/\"><img loading=\"lazy\" decoding=\"async\" src=\"https:\/\/studio-photo-salon.fr\/wp-content\/uploads\/2020\/10\/lab-reu_argentique.jpg\" alt=\"\" class=\"wp-image-1442\" width=\"90\" height=\"90\"\/><\/a><\/figure><\/div>\n\n\n\n<p class=\"has-text-align-center\"><a href=\"https:\/\/studio-photo-salon.fr\/index.php\/argentique\/\">Argentique<\/a><\/p>\n<\/div>\n\n\n\n<div class=\"wp-block-column is-layout-flow wp-block-column-is-layout-flow\">\n<div class=\"wp-block-image\"><figure class=\"aligncenter size-large is-resized\"><a href=\"https:\/\/studio-photo-salon.fr\/index.php\/les-finitions\/\"><img loading=\"lazy\" decoding=\"async\" src=\"https:\/\/studio-photo-salon.fr\/wp-content\/uploads\/2020\/10\/lab-reu_montageretouche.jpg\" alt=\"\" class=\"wp-image-1438\" width=\"90\" height=\"90\"\/><\/a><\/figure><\/div>\n\n\n\n<p class=\"has-text-align-center\"><a href=\"https:\/\/studio-photo-salon.fr\/index.php\/montage-retouche\/\">Montage\/Retouche<\/a><\/p>\n\n\n\n<div class=\"wp-block-image is-style-default\"><figure class=\"aligncenter size-large is-resized\"><a href=\"https:\/\/studio-photo-salon.fr\/index.php\/tarifs-laboratoire\/\"><img loading=\"lazy\" decoding=\"async\" src=\"https:\/\/studio-photo-salon.fr\/wp-content\/uploads\/2020\/10\/lab-reu_tarifs.jpg\" alt=\"\" class=\"wp-image-1440\" width=\"90\" height=\"90\"\/><\/a><\/figure><\/div>\n\n\n\n<p class=\"has-text-align-center\"><a href=\"https:\/\/studio-photo-salon.fr\/index.php\/tarifs-laboratoire\/\">Tarifs <\/a><\/p>\n<\/div>\n\n\n\n<div class=\"wp-block-column is-vertically-aligned-top is-layout-flow wp-block-column-is-layout-flow\">\n<div class=\"wp-block-image\"><figure class=\"aligncenter size-large is-resized\"><a href=\"https:\/\/studio-photo-salon.fr\/index.php\/objets-personnalises\/\"><img loading=\"lazy\" decoding=\"async\" src=\"https:\/\/studio-photo-salon.fr\/wp-content\/uploads\/2020\/10\/lab-reu_objets.jpg\" alt=\"\" class=\"wp-image-1439\" width=\"90\" height=\"90\"\/><\/a><\/figure><\/div>\n\n\n\n<p class=\"has-text-align-center\"><a href=\"https:\/\/studio-photo-salon.fr\/index.php\/objets-personnalises\/\">Objets Personnalis\u00e9s<\/a><\/p>\n\n\n\n<div class=\"wp-block-image\"><figure class=\"aligncenter size-large is-resized\"><a href=\"https:\/\/studio-photo-salon.fr\/index.php\/boite-a-outils\/\"><img loading=\"lazy\" decoding=\"async\" src=\"https:\/\/studio-photo-salon.fr\/wp-content\/uploads\/2020\/10\/lab-reu_boiteoutils.jpg\" alt=\"\" class=\"wp-image-1497\" width=\"90\" height=\"90\"\/><\/a><\/figure><\/div>\n\n\n\n<p class=\"has-text-align-center\"><a href=\"https:\/\/studio-photo-salon.fr\/index.php\/boite-a-outils\/\">Bo\u00eete \u00e0 outils<\/a><\/p>\n<\/div>\n<\/div>\n\n\n\n<p><\/p>\n","protected":false},"excerpt":{"rendered":"<p>Apr\u00e8s le tirage&#8230;. Votre tirage photo en main petit ou tr\u00e8s grand format , il ne vous reste plus qu&rsquo; \u00e0 le mettre en valeur. Pour cela plusieurs choix disponibles, les albums photo, le passe partout, les cadres, les toiles, le contre-collage sur support type Dibond\/Dilite ou Panexpan.Nous prenons en charge cette partie pour vous [&hellip;]<\/p>\n","protected":false},"author":1,"featured_media":0,"parent":0,"menu_order":0,"comment_status":"closed","ping_status":"closed","template":"","meta":{"ngg_post_thumbnail":0,"footnotes":""},"class_list":["post-1209","page","type-page","status-publish","czr-hentry"],"yoast_head":"<!-- This site is optimized with the Yoast SEO plugin v24.5 - https:\/\/yoast.com\/wordpress\/plugins\/seo\/ -->\n<title>Les Finitions - Studio Photo Salon de Provence<\/title>\n<meta name=\"robots\" content=\"index, follow, max-snippet:-1, max-image-preview:large, max-video-preview:-1\" \/>\n<link rel=\"canonical\" href=\"https:\/\/studio-photo-salon.fr\/index.php\/les-finitions\/\" \/>\n<meta property=\"og:locale\" content=\"fr_FR\" \/>\n<meta property=\"og:type\" content=\"article\" \/>\n<meta property=\"og:title\" content=\"Les Finitions - Studio Photo Salon de Provence\" \/>\n<meta property=\"og:description\" content=\"Apr\u00e8s le tirage&#8230;. Votre tirage photo en main petit ou tr\u00e8s grand format , il ne vous reste plus qu&rsquo; \u00e0 le mettre en valeur. Pour cela plusieurs choix disponibles, les albums photo, le passe partout, les cadres, les toiles, le contre-collage sur support type Dibond\/Dilite ou Panexpan.Nous prenons en charge cette partie pour vous [&hellip;]\" \/>\n<meta property=\"og:url\" content=\"https:\/\/studio-photo-salon.fr\/index.php\/les-finitions\/\" \/>\n<meta property=\"og:site_name\" content=\"Studio Photo Salon de Provence\" \/>\n<meta property=\"article:modified_time\" content=\"2020-10-27T20:59:10+00:00\" \/>\n<meta property=\"og:image\" content=\"https:\/\/studio-photo-salon.fr\/wp-content\/uploads\/2020\/04\/4x6visuel-a-venir.jpg\" \/>\n<meta name=\"twitter:card\" content=\"summary_large_image\" \/>\n<meta name=\"twitter:label1\" content=\"Dur\u00e9e de lecture estim\u00e9e\" \/>\n\t<meta name=\"twitter:data1\" content=\"1 minute\" \/>\n<script type=\"application\/ld+json\" class=\"yoast-schema-graph\">{\"@context\":\"https:\/\/schema.org\",\"@graph\":[{\"@type\":\"WebPage\",\"@id\":\"https:\/\/studio-photo-salon.fr\/index.php\/les-finitions\/\",\"url\":\"https:\/\/studio-photo-salon.fr\/index.php\/les-finitions\/\",\"name\":\"Les Finitions - Studio Photo Salon de Provence\",\"isPartOf\":{\"@id\":\"https:\/\/studio-photo-salon.fr\/#website\"},\"primaryImageOfPage\":{\"@id\":\"https:\/\/studio-photo-salon.fr\/index.php\/les-finitions\/#primaryimage\"},\"image\":{\"@id\":\"https:\/\/studio-photo-salon.fr\/index.php\/les-finitions\/#primaryimage\"},\"thumbnailUrl\":\"https:\/\/studio-photo-salon.fr\/wp-content\/uploads\/2020\/04\/4x6visuel-a-venir.jpg\",\"datePublished\":\"2020-04-11T07:19:08+00:00\",\"dateModified\":\"2020-10-27T20:59:10+00:00\",\"breadcrumb\":{\"@id\":\"https:\/\/studio-photo-salon.fr\/index.php\/les-finitions\/#breadcrumb\"},\"inLanguage\":\"fr-FR\",\"potentialAction\":[{\"@type\":\"ReadAction\",\"target\":[\"https:\/\/studio-photo-salon.fr\/index.php\/les-finitions\/\"]}]},{\"@type\":\"ImageObject\",\"inLanguage\":\"fr-FR\",\"@id\":\"https:\/\/studio-photo-salon.fr\/index.php\/les-finitions\/#primaryimage\",\"url\":\"https:\/\/studio-photo-salon.fr\/wp-content\/uploads\/2020\/04\/4x6visuel-a-venir.jpg\",\"contentUrl\":\"https:\/\/studio-photo-salon.fr\/wp-content\/uploads\/2020\/04\/4x6visuel-a-venir.jpg\",\"width\":113,\"height\":170},{\"@type\":\"BreadcrumbList\",\"@id\":\"https:\/\/studio-photo-salon.fr\/index.php\/les-finitions\/#breadcrumb\",\"itemListElement\":[{\"@type\":\"ListItem\",\"position\":1,\"name\":\"Accueil\",\"item\":\"https:\/\/studio-photo-salon.fr\/\"},{\"@type\":\"ListItem\",\"position\":2,\"name\":\"Les Finitions\"}]},{\"@type\":\"WebSite\",\"@id\":\"https:\/\/studio-photo-salon.fr\/#website\",\"url\":\"https:\/\/studio-photo-salon.fr\/\",\"name\":\"Studio Photo Salon de Provence\",\"description\":\"Laboratoire et Studio photo\",\"potentialAction\":[{\"@type\":\"SearchAction\",\"target\":{\"@type\":\"EntryPoint\",\"urlTemplate\":\"https:\/\/studio-photo-salon.fr\/?s={search_term_string}\"},\"query-input\":{\"@type\":\"PropertyValueSpecification\",\"valueRequired\":true,\"valueName\":\"search_term_string\"}}],\"inLanguage\":\"fr-FR\"}]}<\/script>\n<!-- \/ Yoast SEO plugin. -->","yoast_head_json":{"title":"Les Finitions - Studio Photo Salon de Provence","robots":{"index":"index","follow":"follow","max-snippet":"max-snippet:-1","max-image-preview":"max-image-preview:large","max-video-preview":"max-video-preview:-1"},"canonical":"https:\/\/studio-photo-salon.fr\/index.php\/les-finitions\/","og_locale":"fr_FR","og_type":"article","og_title":"Les Finitions - Studio Photo Salon de Provence","og_description":"Apr\u00e8s le tirage&#8230;. Votre tirage photo en main petit ou tr\u00e8s grand format , il ne vous reste plus qu&rsquo; \u00e0 le mettre en valeur. Pour cela plusieurs choix disponibles, les albums photo, le passe partout, les cadres, les toiles, le contre-collage sur support type Dibond\/Dilite ou Panexpan.Nous prenons en charge cette partie pour vous [&hellip;]","og_url":"https:\/\/studio-photo-salon.fr\/index.php\/les-finitions\/","og_site_name":"Studio Photo Salon de Provence","article_modified_time":"2020-10-27T20:59:10+00:00","og_image":[{"url":"https:\/\/studio-photo-salon.fr\/wp-content\/uploads\/2020\/04\/4x6visuel-a-venir.jpg","type":"","width":"","height":""}],"twitter_card":"summary_large_image","twitter_misc":{"Dur\u00e9e de lecture estim\u00e9e":"1 minute"},"schema":{"@context":"https:\/\/schema.org","@graph":[{"@type":"WebPage","@id":"https:\/\/studio-photo-salon.fr\/index.php\/les-finitions\/","url":"https:\/\/studio-photo-salon.fr\/index.php\/les-finitions\/","name":"Les Finitions - Studio Photo Salon de Provence","isPartOf":{"@id":"https:\/\/studio-photo-salon.fr\/#website"},"primaryImageOfPage":{"@id":"https:\/\/studio-photo-salon.fr\/index.php\/les-finitions\/#primaryimage"},"image":{"@id":"https:\/\/studio-photo-salon.fr\/index.php\/les-finitions\/#primaryimage"},"thumbnailUrl":"https:\/\/studio-photo-salon.fr\/wp-content\/uploads\/2020\/04\/4x6visuel-a-venir.jpg","datePublished":"2020-04-11T07:19:08+00:00","dateModified":"2020-10-27T20:59:10+00:00","breadcrumb":{"@id":"https:\/\/studio-photo-salon.fr\/index.php\/les-finitions\/#breadcrumb"},"inLanguage":"fr-FR","potentialAction":[{"@type":"ReadAction","target":["https:\/\/studio-photo-salon.fr\/index.php\/les-finitions\/"]}]},{"@type":"ImageObject","inLanguage":"fr-FR","@id":"https:\/\/studio-photo-salon.fr\/index.php\/les-finitions\/#primaryimage","url":"https:\/\/studio-photo-salon.fr\/wp-content\/uploads\/2020\/04\/4x6visuel-a-venir.jpg","contentUrl":"https:\/\/studio-photo-salon.fr\/wp-content\/uploads\/2020\/04\/4x6visuel-a-venir.jpg","width":113,"height":170},{"@type":"BreadcrumbList","@id":"https:\/\/studio-photo-salon.fr\/index.php\/les-finitions\/#breadcrumb","itemListElement":[{"@type":"ListItem","position":1,"name":"Accueil","item":"https:\/\/studio-photo-salon.fr\/"},{"@type":"ListItem","position":2,"name":"Les Finitions"}]},{"@type":"WebSite","@id":"https:\/\/studio-photo-salon.fr\/#website","url":"https:\/\/studio-photo-salon.fr\/","name":"Studio Photo Salon de Provence","description":"Laboratoire et Studio photo","potentialAction":[{"@type":"SearchAction","target":{"@type":"EntryPoint","urlTemplate":"https:\/\/studio-photo-salon.fr\/?s={search_term_string}"},"query-input":{"@type":"PropertyValueSpecification","valueRequired":true,"valueName":"search_term_string"}}],"inLanguage":"fr-FR"}]}},"_links":{"self":[{"href":"https:\/\/studio-photo-salon.fr\/index.php\/wp-json\/wp\/v2\/pages\/1209","targetHints":{"allow":["GET"]}}],"collection":[{"href":"https:\/\/studio-photo-salon.fr\/index.php\/wp-json\/wp\/v2\/pages"}],"about":[{"href":"https:\/\/studio-photo-salon.fr\/index.php\/wp-json\/wp\/v2\/types\/page"}],"author":[{"embeddable":true,"href":"https:\/\/studio-photo-salon.fr\/index.php\/wp-json\/wp\/v2\/users\/1"}],"replies":[{"embeddable":true,"href":"https:\/\/studio-photo-salon.fr\/index.php\/wp-json\/wp\/v2\/comments?post=1209"}],"version-history":[{"count":14,"href":"https:\/\/studio-photo-salon.fr\/index.php\/wp-json\/wp\/v2\/pages\/1209\/revisions"}],"predecessor-version":[{"id":1581,"href":"https:\/\/studio-photo-salon.fr\/index.php\/wp-json\/wp\/v2\/pages\/1209\/revisions\/1581"}],"wp:attachment":[{"href":"https:\/\/studio-photo-salon.fr\/index.php\/wp-json\/wp\/v2\/media?parent=1209"}],"curies":[{"name":"wp","href":"https:\/\/api.w.org\/{rel}","templated":true}]}}