{"id":1207,"date":"2020-04-11T09:19:34","date_gmt":"2020-04-11T07:19:34","guid":{"rendered":"http:\/\/studio-photo-salon.fr\/?page_id=1207"},"modified":"2025-10-27T17:00:44","modified_gmt":"2025-10-27T16:00:44","slug":"tirages-impressions","status":"publish","type":"page","link":"https:\/\/studio-photo-salon.fr\/index.php\/tirages-impressions\/","title":{"rendered":"Tirages et Impressions photos"},"content":{"rendered":"\n<div class=\"wp-block-columns are-vertically-aligned-center is-layout-flex wp-container-core-columns-is-layout-1 wp-block-columns-is-layout-flex\">\n<div class=\"wp-block-column is-vertically-aligned-center is-layout-flow wp-block-column-is-layout-flow\"><div class=\"wp-block-image\">\n<figure class=\"aligncenter size-full\"><img loading=\"lazy\" decoding=\"async\" width=\"280\" height=\"341\" src=\"https:\/\/studio-photo-salon.fr\/wp-content\/uploads\/2020\/10\/acc-laboratoire.jpg\" alt=\"\" class=\"wp-image-1394\" srcset=\"https:\/\/studio-photo-salon.fr\/wp-content\/uploads\/2020\/10\/acc-laboratoire.jpg 280w, https:\/\/studio-photo-salon.fr\/wp-content\/uploads\/2020\/10\/acc-laboratoire-246x300.jpg 246w\" sizes=\"auto, (max-width: 280px) 100vw, 280px\" \/><\/figure><\/div>\n\n\n<p><\/p>\n<\/div>\n\n\n\n<div class=\"wp-block-column is-vertically-aligned-center is-layout-flow wp-block-column-is-layout-flow\"><div class=\"wp-block-image\">\n<figure class=\"aligncenter size-large\"><a href=\"https:\/\/studio-photo-salon.fr\/index.php\/contact\/\"><img loading=\"lazy\" decoding=\"async\" width=\"400\" height=\"80\" src=\"https:\/\/studio-photo-salon.fr\/wp-content\/uploads\/2020\/10\/commande_directe.jpg\" alt=\"\" class=\"wp-image-1492\" srcset=\"https:\/\/studio-photo-salon.fr\/wp-content\/uploads\/2020\/10\/commande_directe.jpg 400w, https:\/\/studio-photo-salon.fr\/wp-content\/uploads\/2020\/10\/commande_directe-300x60.jpg 300w\" sizes=\"auto, (max-width: 400px) 100vw, 400px\" \/><\/a><\/figure><\/div>\n\n\n<p><\/p>\n<\/div>\n\n\n\n<div class=\"wp-block-column is-vertically-aligned-center is-layout-flow wp-block-column-is-layout-flow\"><div class=\"wp-block-image\">\n<figure class=\"aligncenter\"><img loading=\"lazy\" decoding=\"async\" width=\"150\" height=\"80\" src=\"https:\/\/studio-photo-salon.fr\/wp-content\/uploads\/2020\/10\/tirage_1h.jpg\" alt=\"\" class=\"wp-image-1504\"\/><\/figure><\/div>\n\n\n<p><\/p>\n<\/div>\n<\/div>\n\n\n\n<p style=\"font-size:10px\">*  pour les produits courants, d\u00e9lais pouvant  subir des variations en fonction de la production du moment.<\/p>\n\n\n\n<p class=\"has-text-align-center has-very-light-gray-color has-text-color has-background has-large-font-size\" style=\"background-color:#5f666c\"> Deux proc\u00e9d\u00e9s: Tirage photo  et impression jet d&rsquo;encre<\/p>\n\n\n\n<p><\/p>\n\n\n\n<p class=\"has-medium-font-size\">            D&rsquo;apr\u00e8s tous supports  num\u00e9riques, carte m\u00e9moire, clef usb, smartphone&#8230;  rapide, en une heure en moyenne, voir plus rapidement si possible, en fonction de la charge de travail du moment.<br><br>Nous prenons en main vos fichiers via des bornes de s\u00e9lection disponibles en boutique. Un operateur form\u00e9, effectue les contr\u00f4les n\u00e9cessaires \u00e0 l&rsquo;optimisation de votre photographie puis r\u00e9alise les tirages.<br>Vos ch\u00e8res photos sont ensuite une nouvelle fois v\u00e9rifi\u00e9es avant la mise en pochette.<br><br>En r\u00e9sum\u00e9, une machine performante, des consommables de qualit\u00e9, un laborantin qualifi\u00e9&#8230;des clients satisfaits<br>(petit conseil: pour de bon r\u00e9sultats sur minilab, des fichiers jpg avec un profil couleur s-RVB conviennent)<br><\/p>\n\n\n\n<p class=\"has-text-align-center has-very-light-gray-background-color has-background has-large-font-size\">La v\u00e9ritable photo sur papier argentique<\/p>\n\n\n\n<div class=\"wp-block-columns is-layout-flex wp-container-core-columns-is-layout-2 wp-block-columns-is-layout-flex\">\n<div class=\"wp-block-column is-layout-flow wp-block-column-is-layout-flow\" style=\"flex-basis:33.33%\">\n<figure class=\"wp-block-image size-large\"><img loading=\"lazy\" decoding=\"async\" width=\"170\" height=\"170\" src=\"https:\/\/studio-photo-salon.fr\/wp-content\/uploads\/2020\/05\/fuji370-1.jpg\" alt=\"\" class=\"wp-image-1351\" srcset=\"https:\/\/studio-photo-salon.fr\/wp-content\/uploads\/2020\/05\/fuji370-1.jpg 170w, https:\/\/studio-photo-salon.fr\/wp-content\/uploads\/2020\/05\/fuji370-1-150x150.jpg 150w\" sizes=\"auto, (max-width: 170px) 100vw, 170px\" \/><\/figure>\n\n\n\n<p><\/p>\n<\/div>\n\n\n\n<div class=\"wp-block-column is-layout-flow wp-block-column-is-layout-flow\" style=\"flex-basis:66.66%\">\n<p class=\"has-medium-font-size\">             Technologie Fuji Frontier, la r\u00e9f\u00e9rence du minilab.<br>Tirage de vos photos sur v\u00e9ritable papier argentique, traitement en chimie RA4, la vraie photo.<br>Sur papier mat ou brillant, avec ou sans marge, nous tirons vos images sur un grand nombre de formats, de la plus petite en passant par le 10&#215;15, 13&#215;18, 20&#215;30 et bien plus encore, jusqu&rsquo;au format 25&#215;38.<br><br><\/p>\n<\/div>\n<\/div>\n\n\n\n<p class=\"has-text-align-center has-very-light-gray-background-color has-background has-large-font-size\">Tirage jet d&rsquo;encre haute qualit\u00e9<\/p>\n\n\n\n<div class=\"wp-block-columns are-vertically-aligned-center is-layout-flex wp-container-core-columns-is-layout-3 wp-block-columns-is-layout-flex\">\n<div class=\"wp-block-column is-vertically-aligned-center is-layout-flow wp-block-column-is-layout-flow\">\n<p class=\"has-medium-font-size\">Impression Grand Format avec le traceur Epson Surecolor.<br>Encre haut de gamme, largeur papier jusqu&rsquo;\u00e0 1m\u00e8tre10, pour des images de 20&#215;30 \u00e0 100x250cm.<br>Grande dur\u00e9e de vie des tirages et rendu des couleurs fid\u00e8les gr\u00e2ce aux profils colorim\u00e9triques.<br>Nombreux types de papiers: classique, toile et fine-art.<br><\/p>\n<\/div>\n\n\n\n<div class=\"wp-block-column is-vertically-aligned-center is-layout-flow wp-block-column-is-layout-flow\">\n<figure class=\"wp-block-image size-large is-resized\"><img loading=\"lazy\" decoding=\"async\" width=\"800\" height=\"800\" src=\"https:\/\/studio-photo-salon.fr\/wp-content\/uploads\/2020\/10\/traceur-epson-surecolor-sc-p8000.jpg\" alt=\"\" class=\"wp-image-1457\" style=\"width:170px;height:170px\" srcset=\"https:\/\/studio-photo-salon.fr\/wp-content\/uploads\/2020\/10\/traceur-epson-surecolor-sc-p8000.jpg 800w, https:\/\/studio-photo-salon.fr\/wp-content\/uploads\/2020\/10\/traceur-epson-surecolor-sc-p8000-300x300.jpg 300w, https:\/\/studio-photo-salon.fr\/wp-content\/uploads\/2020\/10\/traceur-epson-surecolor-sc-p8000-150x150.jpg 150w, https:\/\/studio-photo-salon.fr\/wp-content\/uploads\/2020\/10\/traceur-epson-surecolor-sc-p8000-768x768.jpg 768w, https:\/\/studio-photo-salon.fr\/wp-content\/uploads\/2020\/10\/traceur-epson-surecolor-sc-p8000-510x510.jpg 510w\" sizes=\"auto, (max-width: 800px) 100vw, 800px\" \/><\/figure>\n\n\n\n<p><\/p>\n<\/div>\n<\/div>\n\n\n\n<p class=\"has-text-align-center has-very-light-gray-background-color has-background has-large-font-size\">La gamme des papiers jet d&rsquo;encre.<\/p>\n\n\n\n<div class=\"wp-block-columns is-layout-flex wp-container-core-columns-is-layout-4 wp-block-columns-is-layout-flex\">\n<div class=\"wp-block-column is-layout-flow wp-block-column-is-layout-flow\"><div class=\"wp-block-image\">\n<figure class=\"aligncenter size-large is-resized\"><a href=\"https:\/\/studio-photo-salon.fr\/index.php\/contact\/\"><img loading=\"lazy\" decoding=\"async\" width=\"400\" height=\"80\" src=\"https:\/\/studio-photo-salon.fr\/wp-content\/uploads\/2020\/10\/commande_directe.jpg\" alt=\"\" class=\"wp-image-1492\" style=\"width:400px;height:80px\" srcset=\"https:\/\/studio-photo-salon.fr\/wp-content\/uploads\/2020\/10\/commande_directe.jpg 400w, https:\/\/studio-photo-salon.fr\/wp-content\/uploads\/2020\/10\/commande_directe-300x60.jpg 300w\" sizes=\"auto, (max-width: 400px) 100vw, 400px\" \/><\/a><\/figure><\/div>\n\n\n<p><\/p>\n<\/div>\n\n\n\n<div class=\"wp-block-column is-layout-flow wp-block-column-is-layout-flow\"><div class=\"wp-block-image\">\n<figure class=\"aligncenter size-large is-resized\"><a href=\"https:\/\/laboratoire.studio-photo-salon.fr\/fr\/onlineprint\" target=\"_blank\" rel=\"noopener noreferrer\"><img loading=\"lazy\" decoding=\"async\" width=\"400\" height=\"80\" src=\"https:\/\/studio-photo-salon.fr\/wp-content\/uploads\/2020\/10\/clickcollect.jpg\" alt=\"\" class=\"wp-image-1493\" style=\"width:400px;height:80px\" srcset=\"https:\/\/studio-photo-salon.fr\/wp-content\/uploads\/2020\/10\/clickcollect.jpg 400w, https:\/\/studio-photo-salon.fr\/wp-content\/uploads\/2020\/10\/clickcollect-300x60.jpg 300w\" sizes=\"auto, (max-width: 400px) 100vw, 400px\" \/><\/a><\/figure><\/div><\/div>\n<\/div>\n\n\n\n<p class=\"has-text-align-center has-background has-large-font-size\" style=\"background-color:#f7f7f7\">Gamme Classique<\/p>\n\n\n\n<div class=\"wp-block-columns are-vertically-aligned-center is-layout-flex wp-container-core-columns-is-layout-5 wp-block-columns-is-layout-flex\">\n<div class=\"wp-block-column is-vertically-aligned-center is-layout-flow wp-block-column-is-layout-flow\"><div class=\"wp-block-image\">\n<figure class=\"aligncenter size-large\"><img loading=\"lazy\" decoding=\"async\" width=\"150\" height=\"250\" src=\"https:\/\/studio-photo-salon.fr\/wp-content\/uploads\/2020\/10\/tir-lustre300.jpg\" alt=\"\" class=\"wp-image-1512\"\/><\/figure><\/div><\/div>\n\n\n\n<div class=\"wp-block-column is-vertically-aligned-center is-layout-flow wp-block-column-is-layout-flow\">\n<p class=\"has-text-align-center has-medium-font-size\">LE Standard: Papier lustr\u00e9 300g<br>Adapt\u00e9 \u00e0 la plupart des tirages courants, couleur ou noir et blanc. Disponible du format 20&#215;30 au 110&#215;250,  peut \u00e9galement \u00eatre encadr\u00e9 ou contrecoll\u00e9 sur support rigide.<\/p>\n<\/div>\n<\/div>\n\n\n\n<p class=\"has-text-align-center has-background has-large-font-size\" style=\"background-color:#f7f7f7\">Gamme Toile Canvas<\/p>\n\n\n\n<div class=\"wp-block-columns are-vertically-aligned-center is-layout-flex wp-container-core-columns-is-layout-6 wp-block-columns-is-layout-flex\">\n<div class=\"wp-block-column is-vertically-aligned-center is-layout-flow wp-block-column-is-layout-flow\"><div class=\"wp-block-image\">\n<figure class=\"aligncenter size-large\"><img loading=\"lazy\" decoding=\"async\" width=\"150\" height=\"250\" src=\"https:\/\/studio-photo-salon.fr\/wp-content\/uploads\/2020\/10\/tir-canvas260.jpg\" alt=\"\" class=\"wp-image-1515\"\/><\/figure><\/div>\n\n\n<p><\/p>\n<\/div>\n\n\n\n<div class=\"wp-block-column is-vertically-aligned-center is-layout-flow wp-block-column-is-layout-flow\">\n<p class=\"has-text-align-center has-medium-font-size\">La Toile , structure tiss\u00e9e, base polyester blanche, mont\u00e9e sur ch\u00e2ssis en bois d&rsquo;\u00e9paisseur 2cm.<br>Disponible du format 20&#215;20 au format 100x120cm.<br>Livr\u00e9e pr\u00eate \u00e0 accrocher sur vos murs.<br>Fabrication sur place pour des d\u00e9lais rapide et une qualit\u00e9 irr\u00e9prochable<\/p>\n<\/div>\n<\/div>\n\n\n\n<figure class=\"wp-block-image size-large\"><img loading=\"lazy\" decoding=\"async\" width=\"1000\" height=\"296\" src=\"https:\/\/studio-photo-salon.fr\/wp-content\/uploads\/2020\/10\/tir-toile_details.jpg\" alt=\"\" class=\"wp-image-1617\" srcset=\"https:\/\/studio-photo-salon.fr\/wp-content\/uploads\/2020\/10\/tir-toile_details.jpg 1000w, https:\/\/studio-photo-salon.fr\/wp-content\/uploads\/2020\/10\/tir-toile_details-300x89.jpg 300w, https:\/\/studio-photo-salon.fr\/wp-content\/uploads\/2020\/10\/tir-toile_details-768x227.jpg 768w\" sizes=\"auto, (max-width: 1000px) 100vw, 1000px\" \/><\/figure>\n\n\n\n<p class=\"has-text-align-center has-small-font-size\">Photographie imprim\u00e9e sur toile, mont\u00e9e sur ch\u00e2ssis en bois, \u00e9paisseur 2cm , bords imprim\u00e9s pour assurer une continuit\u00e9 avec l&rsquo;image<\/p>\n\n\n\n<p class=\"has-text-align-center has-background has-large-font-size\" style=\"background-color:#f7f7f7\">Gamme Papiers Fine-art et assimil\u00e9s&#8230;<\/p>\n\n\n\n<div class=\"wp-block-columns are-vertically-aligned-center has-background is-layout-flex wp-container-core-columns-is-layout-7 wp-block-columns-is-layout-flex\" style=\"background-color:#f7f7f7\">\n<div class=\"wp-block-column is-vertically-aligned-center is-layout-flow wp-block-column-is-layout-flow\"><div class=\"wp-block-image\">\n<figure class=\"aligncenter size-large\"><img loading=\"lazy\" decoding=\"async\" width=\"150\" height=\"250\" src=\"https:\/\/studio-photo-salon.fr\/wp-content\/uploads\/2020\/10\/tir-aqua240.jpg\" alt=\"\" class=\"wp-image-1509\"\/><\/figure><\/div>\n\n\n<p><\/p>\n<\/div>\n\n\n\n<div class=\"wp-block-column is-vertically-aligned-center is-layout-flow wp-block-column-is-layout-flow\">\n<p class=\"has-text-align-center has-medium-font-size\">Aquarelle Rag 240 de chez Canson.<br>Disponible du format 20&#215;30 au 60&#215;90.<br>Surface textur\u00e9e rappelant le papier utilis\u00e9 par les aquarellistes. Avec ses noirs profonds et son rendu des couleurs velout\u00e9, ce papier sublimera vos portraits et paysages romantico-bucolique, couleur ou noir et blanc.<br>Beaucoup de douceur avec un caract\u00e8re affirm\u00e9.<\/p>\n<\/div>\n<\/div>\n\n\n\n<p><\/p>\n\n\n\n<p><\/p>\n\n\n\n<div class=\"wp-block-columns are-vertically-aligned-center has-background is-layout-flex wp-container-core-columns-is-layout-8 wp-block-columns-is-layout-flex\" style=\"background-color:#f7f7f7\">\n<div class=\"wp-block-column is-vertically-aligned-center is-layout-flow wp-block-column-is-layout-flow\"><div class=\"wp-block-image\">\n<figure class=\"aligncenter size-large\"><img loading=\"lazy\" decoding=\"async\" width=\"150\" height=\"250\" src=\"https:\/\/studio-photo-salon.fr\/wp-content\/uploads\/2020\/10\/tir-baryte310.jpg\" alt=\"\" class=\"wp-image-1518\"\/><\/figure><\/div>\n\n\n<p><\/p>\n<\/div>\n\n\n\n<div class=\"wp-block-column is-vertically-aligned-center is-layout-flow wp-block-column-is-layout-flow\">\n<p class=\"has-text-align-center has-medium-font-size\">Le Baryt\u00e9 brillant 310g Fujifilm,<br>disponible du format 20&#215;30 au 60&#215;90.<br>Pour ceux qui ont le souvenir des beaux tirages Noir et Blanc d&rsquo;antan.<br>Avec sa structure caract\u00e9ristique, sa tenue en main ainsi que son large gamut de couleur, ce papier s&rsquo;adaptera aussi bien aux images en couleur ou en Noir et Blanc.<br>Un peu nostalgique, mais tr\u00e8s actuel, il ne lui manque que l&rsquo;odeur.<\/p>\n<\/div>\n<\/div>\n\n\n\n<p><\/p>\n\n\n\n<p><\/p>\n\n\n\n<div class=\"wp-block-columns are-vertically-aligned-center has-background is-layout-flex wp-container-core-columns-is-layout-9 wp-block-columns-is-layout-flex\" style=\"background-color:#f7f7f7\">\n<div class=\"wp-block-column is-vertically-aligned-center is-layout-flow wp-block-column-is-layout-flow\"><div class=\"wp-block-image\">\n<figure class=\"aligncenter size-large\"><img loading=\"lazy\" decoding=\"async\" width=\"150\" height=\"250\" src=\"https:\/\/studio-photo-salon.fr\/wp-content\/uploads\/2020\/10\/tir-metal290.jpg\" alt=\"\" class=\"wp-image-1521\"\/><\/figure><\/div>\n\n\n<p><\/p>\n<\/div>\n\n\n\n<div class=\"wp-block-column is-vertically-aligned-center is-layout-flow wp-block-column-is-layout-flow\">\n<p class=\"has-text-align-center has-medium-font-size\">Papier M\u00e9tallique 290g Fujifilm, disponible du format 20&#215;30 au 60&#215;90.<br>Surface tr\u00e8s brillante, avec des reflets \u00ab\u00a0m\u00e9tallis\u00e9\u00a0\u00bb, \u00ab\u00a0Nacr\u00e9\u00a0\u00bb<br>Prend toute sa dimension avec des images aux valeurs plut\u00f4t claires, tourn\u00e9es vers les hautes lumi\u00e8res, en couleur et en noir et blanc.<br>R\u00e9solument moderne, magnifique pour qui sait l&rsquo;apprivoiser.<\/p>\n<\/div>\n<\/div>\n\n\n\n<p class=\"has-background\" style=\"background-color:#5f666c;font-size:1px\"> <\/p>\n\n\n\n<div class=\"wp-block-columns is-layout-flex wp-container-core-columns-is-layout-10 wp-block-columns-is-layout-flex\">\n<div class=\"wp-block-column #00000 is-layout-flow wp-block-column-is-layout-flow\">\n<div class=\"wp-block-image\"><figure class=\"aligncenter size-large is-resized\"><a href=\"https:\/\/studio-photo-salon.fr\/index.php\/tirages-impressions\/\"><img loading=\"lazy\" decoding=\"async\" src=\"https:\/\/studio-photo-salon.fr\/wp-content\/uploads\/2020\/10\/lab-reu_tirage.jpg\" alt=\"\" class=\"wp-image-1436\" width=\"90\" height=\"90\"\/><\/a><\/figure><\/div>\n\n\n\n<p class=\"has-text-align-center\"><a href=\"https:\/\/studio-photo-salon.fr\/index.php\/tirages-impressions\/\">Tirages\/Impressions<\/a><\/p>\n\n\n\n<div class=\"wp-block-image\"><figure class=\"aligncenter size-large is-resized\"><a href=\"https:\/\/studio-photo-salon.fr\/index.php\/numerisation-restauration\/\"><img loading=\"lazy\" decoding=\"async\" src=\"https:\/\/studio-photo-salon.fr\/wp-content\/uploads\/2020\/10\/lab-reu_numerisation.jpg\" alt=\"\" class=\"wp-image-1443\" width=\"90\" height=\"90\"\/><\/a><\/figure><\/div>\n\n\n\n<p class=\"has-text-align-center\"><a href=\"https:\/\/studio-photo-salon.fr\/index.php\/numerisation-restauration\/\">Num\u00e9risation<\/a><\/p>\n<\/div>\n\n\n\n<div class=\"wp-block-column is-layout-flow wp-block-column-is-layout-flow\">\n<div class=\"wp-block-image\"><figure class=\"aligncenter size-large is-resized\"><a href=\"https:\/\/studio-photo-salon.fr\/index.php\/les-finitions\/\"><img loading=\"lazy\" decoding=\"async\" src=\"https:\/\/studio-photo-salon.fr\/wp-content\/uploads\/2020\/10\/lab-reu_finitions.jpg\" alt=\"\" class=\"wp-image-1437\" width=\"90\" height=\"90\"\/><\/a><\/figure><\/div>\n\n\n\n<p class=\"has-text-align-center\"><a href=\"https:\/\/studio-photo-salon.fr\/index.php\/les-finitions\/\">Les Finitions<\/a><\/p>\n\n\n\n<div class=\"wp-block-image\"><figure class=\"aligncenter size-large is-resized\"><a href=\"https:\/\/studio-photo-salon.fr\/index.php\/argentique\/\"><img loading=\"lazy\" decoding=\"async\" src=\"https:\/\/studio-photo-salon.fr\/wp-content\/uploads\/2020\/10\/lab-reu_argentique.jpg\" alt=\"\" class=\"wp-image-1442\" width=\"90\" height=\"90\"\/><\/a><\/figure><\/div>\n\n\n\n<p class=\"has-text-align-center\"><a href=\"https:\/\/studio-photo-salon.fr\/index.php\/argentique\/\">Argentique<\/a><\/p>\n<\/div>\n\n\n\n<div class=\"wp-block-column is-layout-flow wp-block-column-is-layout-flow\">\n<div class=\"wp-block-image\"><figure class=\"aligncenter size-large is-resized\"><a href=\"https:\/\/studio-photo-salon.fr\/index.php\/les-finitions\/\"><img loading=\"lazy\" decoding=\"async\" src=\"https:\/\/studio-photo-salon.fr\/wp-content\/uploads\/2020\/10\/lab-reu_montageretouche.jpg\" alt=\"\" class=\"wp-image-1438\" width=\"90\" height=\"90\"\/><\/a><\/figure><\/div>\n\n\n\n<p class=\"has-text-align-center\"><a href=\"https:\/\/studio-photo-salon.fr\/index.php\/montage-retouche\/\">Montage\/Retouche<\/a><\/p>\n\n\n\n<div class=\"wp-block-image is-style-default\"><figure class=\"aligncenter size-large is-resized\"><a href=\"https:\/\/studio-photo-salon.fr\/index.php\/tarifs-laboratoire\/\"><img loading=\"lazy\" decoding=\"async\" src=\"https:\/\/studio-photo-salon.fr\/wp-content\/uploads\/2020\/10\/lab-reu_tarifs.jpg\" alt=\"\" class=\"wp-image-1440\" width=\"90\" height=\"90\"\/><\/a><\/figure><\/div>\n\n\n\n<p class=\"has-text-align-center\"><a href=\"https:\/\/studio-photo-salon.fr\/index.php\/tarifs-laboratoire\/\">Tarifs <\/a><\/p>\n<\/div>\n\n\n\n<div class=\"wp-block-column is-vertically-aligned-top is-layout-flow wp-block-column-is-layout-flow\">\n<div class=\"wp-block-image\"><figure class=\"aligncenter size-large is-resized\"><a href=\"https:\/\/studio-photo-salon.fr\/index.php\/objets-personnalises\/\"><img loading=\"lazy\" decoding=\"async\" src=\"https:\/\/studio-photo-salon.fr\/wp-content\/uploads\/2020\/10\/lab-reu_objets.jpg\" alt=\"\" class=\"wp-image-1439\" width=\"90\" height=\"90\"\/><\/a><\/figure><\/div>\n\n\n\n<p class=\"has-text-align-center\"><a href=\"https:\/\/studio-photo-salon.fr\/index.php\/objets-personnalises\/\">Objets Personnalis\u00e9s<\/a><\/p>\n\n\n\n<div class=\"wp-block-image\"><figure class=\"aligncenter size-large is-resized\"><a href=\"https:\/\/studio-photo-salon.fr\/index.php\/boite-a-outils\/\"><img loading=\"lazy\" decoding=\"async\" src=\"https:\/\/studio-photo-salon.fr\/wp-content\/uploads\/2020\/10\/lab-reu_boiteoutils.jpg\" alt=\"\" class=\"wp-image-1497\" width=\"90\" height=\"90\"\/><\/a><\/figure><\/div>\n\n\n\n<p class=\"has-text-align-center\"><a href=\"https:\/\/studio-photo-salon.fr\/index.php\/boite-a-outils\/\">Bo\u00eete \u00e0 outils<\/a><\/p>\n<\/div>\n<\/div>\n\n\n\n<p><\/p>\n","protected":false},"excerpt":{"rendered":"<p>Tirages et impressions de photo, service rapide et grande qualit\u00e9 pour vos photographies.<br \/>\ncommande en ligne ou \u00e0 la boutique. papier argentique, jet d &lsquo;encre, fine art, toile<\/p>\n","protected":false},"author":1,"featured_media":0,"parent":0,"menu_order":0,"comment_status":"closed","ping_status":"closed","template":"","meta":{"ngg_post_thumbnail":0,"footnotes":""},"class_list":["post-1207","page","type-page","status-publish","czr-hentry"],"yoast_head":"<!-- This site is optimized with the Yoast SEO plugin v24.5 - https:\/\/yoast.com\/wordpress\/plugins\/seo\/ -->\n<title>Tirages et Impressions photos - Studio Photo Salon de Provence<\/title>\n<meta name=\"robots\" content=\"index, follow, max-snippet:-1, max-image-preview:large, max-video-preview:-1\" \/>\n<link rel=\"canonical\" href=\"https:\/\/studio-photo-salon.fr\/index.php\/tirages-impressions\/\" \/>\n<meta property=\"og:locale\" content=\"fr_FR\" \/>\n<meta property=\"og:type\" content=\"article\" \/>\n<meta property=\"og:title\" content=\"Tirages et Impressions photos - Studio Photo Salon de Provence\" \/>\n<meta property=\"og:description\" content=\"Tirages et impressions de photo, service rapide et grande qualit\u00e9 pour vos photographies. commande en ligne ou \u00e0 la boutique. papier argentique, jet d &#039;encre, fine art, toile\" \/>\n<meta property=\"og:url\" content=\"https:\/\/studio-photo-salon.fr\/index.php\/tirages-impressions\/\" \/>\n<meta property=\"og:site_name\" content=\"Studio Photo Salon de Provence\" \/>\n<meta property=\"article:modified_time\" content=\"2025-10-27T16:00:44+00:00\" \/>\n<meta property=\"og:image\" content=\"https:\/\/studio-photo-salon.fr\/wp-content\/uploads\/2020\/10\/acc-laboratoire.jpg\" \/>\n\t<meta property=\"og:image:width\" content=\"280\" \/>\n\t<meta property=\"og:image:height\" content=\"341\" \/>\n\t<meta property=\"og:image:type\" content=\"image\/jpeg\" \/>\n<meta name=\"twitter:card\" content=\"summary_large_image\" \/>\n<meta name=\"twitter:label1\" content=\"Dur\u00e9e de lecture estim\u00e9e\" \/>\n\t<meta name=\"twitter:data1\" content=\"7 minutes\" \/>\n<script type=\"application\/ld+json\" class=\"yoast-schema-graph\">{\"@context\":\"https:\/\/schema.org\",\"@graph\":[{\"@type\":\"WebPage\",\"@id\":\"https:\/\/studio-photo-salon.fr\/index.php\/tirages-impressions\/\",\"url\":\"https:\/\/studio-photo-salon.fr\/index.php\/tirages-impressions\/\",\"name\":\"Tirages et Impressions photos - Studio Photo Salon de Provence\",\"isPartOf\":{\"@id\":\"https:\/\/studio-photo-salon.fr\/#website\"},\"primaryImageOfPage\":{\"@id\":\"https:\/\/studio-photo-salon.fr\/index.php\/tirages-impressions\/#primaryimage\"},\"image\":{\"@id\":\"https:\/\/studio-photo-salon.fr\/index.php\/tirages-impressions\/#primaryimage\"},\"thumbnailUrl\":\"https:\/\/studio-photo-salon.fr\/wp-content\/uploads\/2020\/10\/acc-laboratoire.jpg\",\"datePublished\":\"2020-04-11T07:19:34+00:00\",\"dateModified\":\"2025-10-27T16:00:44+00:00\",\"breadcrumb\":{\"@id\":\"https:\/\/studio-photo-salon.fr\/index.php\/tirages-impressions\/#breadcrumb\"},\"inLanguage\":\"fr-FR\",\"potentialAction\":[{\"@type\":\"ReadAction\",\"target\":[\"https:\/\/studio-photo-salon.fr\/index.php\/tirages-impressions\/\"]}]},{\"@type\":\"ImageObject\",\"inLanguage\":\"fr-FR\",\"@id\":\"https:\/\/studio-photo-salon.fr\/index.php\/tirages-impressions\/#primaryimage\",\"url\":\"https:\/\/studio-photo-salon.fr\/wp-content\/uploads\/2020\/10\/acc-laboratoire.jpg\",\"contentUrl\":\"https:\/\/studio-photo-salon.fr\/wp-content\/uploads\/2020\/10\/acc-laboratoire.jpg\",\"width\":280,\"height\":341},{\"@type\":\"BreadcrumbList\",\"@id\":\"https:\/\/studio-photo-salon.fr\/index.php\/tirages-impressions\/#breadcrumb\",\"itemListElement\":[{\"@type\":\"ListItem\",\"position\":1,\"name\":\"Accueil\",\"item\":\"https:\/\/studio-photo-salon.fr\/\"},{\"@type\":\"ListItem\",\"position\":2,\"name\":\"Tirages et Impressions photos\"}]},{\"@type\":\"WebSite\",\"@id\":\"https:\/\/studio-photo-salon.fr\/#website\",\"url\":\"https:\/\/studio-photo-salon.fr\/\",\"name\":\"Studio Photo Salon de Provence\",\"description\":\"Laboratoire et Studio photo\",\"potentialAction\":[{\"@type\":\"SearchAction\",\"target\":{\"@type\":\"EntryPoint\",\"urlTemplate\":\"https:\/\/studio-photo-salon.fr\/?s={search_term_string}\"},\"query-input\":{\"@type\":\"PropertyValueSpecification\",\"valueRequired\":true,\"valueName\":\"search_term_string\"}}],\"inLanguage\":\"fr-FR\"}]}<\/script>\n<!-- \/ Yoast SEO plugin. -->","yoast_head_json":{"title":"Tirages et Impressions photos - Studio Photo Salon de Provence","robots":{"index":"index","follow":"follow","max-snippet":"max-snippet:-1","max-image-preview":"max-image-preview:large","max-video-preview":"max-video-preview:-1"},"canonical":"https:\/\/studio-photo-salon.fr\/index.php\/tirages-impressions\/","og_locale":"fr_FR","og_type":"article","og_title":"Tirages et Impressions photos - Studio Photo Salon de Provence","og_description":"Tirages et impressions de photo, service rapide et grande qualit\u00e9 pour vos photographies. commande en ligne ou \u00e0 la boutique. papier argentique, jet d 'encre, fine art, toile","og_url":"https:\/\/studio-photo-salon.fr\/index.php\/tirages-impressions\/","og_site_name":"Studio Photo Salon de Provence","article_modified_time":"2025-10-27T16:00:44+00:00","og_image":[{"width":280,"height":341,"url":"https:\/\/studio-photo-salon.fr\/wp-content\/uploads\/2020\/10\/acc-laboratoire.jpg","type":"image\/jpeg"}],"twitter_card":"summary_large_image","twitter_misc":{"Dur\u00e9e de lecture estim\u00e9e":"7 minutes"},"schema":{"@context":"https:\/\/schema.org","@graph":[{"@type":"WebPage","@id":"https:\/\/studio-photo-salon.fr\/index.php\/tirages-impressions\/","url":"https:\/\/studio-photo-salon.fr\/index.php\/tirages-impressions\/","name":"Tirages et Impressions photos - Studio Photo Salon de Provence","isPartOf":{"@id":"https:\/\/studio-photo-salon.fr\/#website"},"primaryImageOfPage":{"@id":"https:\/\/studio-photo-salon.fr\/index.php\/tirages-impressions\/#primaryimage"},"image":{"@id":"https:\/\/studio-photo-salon.fr\/index.php\/tirages-impressions\/#primaryimage"},"thumbnailUrl":"https:\/\/studio-photo-salon.fr\/wp-content\/uploads\/2020\/10\/acc-laboratoire.jpg","datePublished":"2020-04-11T07:19:34+00:00","dateModified":"2025-10-27T16:00:44+00:00","breadcrumb":{"@id":"https:\/\/studio-photo-salon.fr\/index.php\/tirages-impressions\/#breadcrumb"},"inLanguage":"fr-FR","potentialAction":[{"@type":"ReadAction","target":["https:\/\/studio-photo-salon.fr\/index.php\/tirages-impressions\/"]}]},{"@type":"ImageObject","inLanguage":"fr-FR","@id":"https:\/\/studio-photo-salon.fr\/index.php\/tirages-impressions\/#primaryimage","url":"https:\/\/studio-photo-salon.fr\/wp-content\/uploads\/2020\/10\/acc-laboratoire.jpg","contentUrl":"https:\/\/studio-photo-salon.fr\/wp-content\/uploads\/2020\/10\/acc-laboratoire.jpg","width":280,"height":341},{"@type":"BreadcrumbList","@id":"https:\/\/studio-photo-salon.fr\/index.php\/tirages-impressions\/#breadcrumb","itemListElement":[{"@type":"ListItem","position":1,"name":"Accueil","item":"https:\/\/studio-photo-salon.fr\/"},{"@type":"ListItem","position":2,"name":"Tirages et Impressions photos"}]},{"@type":"WebSite","@id":"https:\/\/studio-photo-salon.fr\/#website","url":"https:\/\/studio-photo-salon.fr\/","name":"Studio Photo Salon de Provence","description":"Laboratoire et Studio photo","potentialAction":[{"@type":"SearchAction","target":{"@type":"EntryPoint","urlTemplate":"https:\/\/studio-photo-salon.fr\/?s={search_term_string}"},"query-input":{"@type":"PropertyValueSpecification","valueRequired":true,"valueName":"search_term_string"}}],"inLanguage":"fr-FR"}]}},"_links":{"self":[{"href":"https:\/\/studio-photo-salon.fr\/index.php\/wp-json\/wp\/v2\/pages\/1207","targetHints":{"allow":["GET"]}}],"collection":[{"href":"https:\/\/studio-photo-salon.fr\/index.php\/wp-json\/wp\/v2\/pages"}],"about":[{"href":"https:\/\/studio-photo-salon.fr\/index.php\/wp-json\/wp\/v2\/types\/page"}],"author":[{"embeddable":true,"href":"https:\/\/studio-photo-salon.fr\/index.php\/wp-json\/wp\/v2\/users\/1"}],"replies":[{"embeddable":true,"href":"https:\/\/studio-photo-salon.fr\/index.php\/wp-json\/wp\/v2\/comments?post=1207"}],"version-history":[{"count":73,"href":"https:\/\/studio-photo-salon.fr\/index.php\/wp-json\/wp\/v2\/pages\/1207\/revisions"}],"predecessor-version":[{"id":1968,"href":"https:\/\/studio-photo-salon.fr\/index.php\/wp-json\/wp\/v2\/pages\/1207\/revisions\/1968"}],"wp:attachment":[{"href":"https:\/\/studio-photo-salon.fr\/index.php\/wp-json\/wp\/v2\/media?parent=1207"}],"curies":[{"name":"wp","href":"https:\/\/api.w.org\/{rel}","templated":true}]}}